{"id":8014,"date":"2022-01-25T11:58:37","date_gmt":"2022-01-25T16:58:37","guid":{"rendered":"https:\/\/cflri.ca\/publication\/operational-changes-at-work-due-to-the-covid-19-pandemic\/"},"modified":"2024-06-21T12:19:12","modified_gmt":"2024-06-21T16:19:12","slug":"changements-operationnels-au-travail-en-raison-de-la-pandemie-de-covid-19","status":"publish","type":"dlp_document","link":"https:\/\/cflri.ca\/fr\/publication\/changements-operationnels-au-travail-en-raison-de-la-pandemie-de-covid-19\/","title":{"rendered":"Changements op\u00e9rationnels au travail en raison de la pand\u00e9mie de COVID-19"},"content":{"rendered":"<p>Le pr\u00e9sent r\u00e9sum\u00e9 graphique est fond\u00e9 sur des donn\u00e9es tir\u00e9es du Sondage des occasions de faire de l\u2019activit\u00e9 physique au travail de 2021-2022, men\u00e9 par l\u2019Institut canadien de la recherche sur la condition physique et le mode de vie, portant sur les changements op\u00e9rationnels dans les milieux de travail en raison de la pand\u00e9mie de COVID-19.<\/p>\n","protected":false},"excerpt":{"rendered":"<p>Le pr\u00e9sent r\u00e9sum\u00e9 graphique est fond\u00e9 sur des donn\u00e9es tir\u00e9es du Sondage des occasions de faire de l\u2019activit\u00e9 physique au travail de 2021-2022, men\u00e9 par l\u2019Institut canadien de la recherche sur la condition physique et le mode de vie, portant sur les changements op\u00e9rationnels dans les milieux de travail en raison de la pand\u00e9mie de COVID-19.<\/p>\n","protected":false},"author":1,"featured_media":8381,"template":"","meta":[],"publication_settings":[60],"populations":[65],"regions":[180,70,181,76,182,75],"key_research_area":[83,86,87,184,94],"spotlight_area":[244],"survey":[198],"doc_categories":[183],"doc_tags":[101],"doc_author":[],"file_type":[104],"class_list":{"0":"post-8014","1":"dlp_document","2":"type-dlp_document","3":"status-publish","4":"has-post-thumbnail","6":"publication_settings-lieu-de-travail","7":"populations-employeur","8":"regions-atlantique","9":"regions-canada","10":"regions-nord","11":"regions-ontario","12":"regions-ouest","13":"regions-quebec","14":"key_research_area-activite-physique","15":"key_research_area-covid-19","16":"key_research_area-participation-au-sport","17":"key_research_area-policies-strategies-fr","18":"key_research_area-programmation-et-services","19":"spotlight_area-lieux-de-travail","20":"survey-sondage-des-occasions-de-faire-de-lactivite-physique-au-travail-de-2021-2022","21":"doc_categories-infographie","22":"doc_tags-donnees-sur-les-environnements-cles-declarees-par-ladministrateur","23":"file_type-pdf-fr"},"download_url":"https:\/\/cflri.ca\/wp-content\/uploads\/2023\/05\/10-CFLRI-PAF-Op-Changes-Covid-FR-Final.pdf","file_size":"181 KB","filename":"10-CFLRI-PAF-Op-Changes-Covid-FR-Final.pdf","download_count":"1","version_history":[],"yoast_head":"<!-- This site is optimized with the Yoast SEO plugin v27.4 - https:\/\/yoast.com\/product\/yoast-seo-wordpress\/ -->\n<title>Changements op\u00e9rationnels au travail en raison de la pand\u00e9mie de COVID-19 - Institut canadien de la recherche sur la condition physique et le mode de vie<\/title>\n<meta name=\"robots\" content=\"index, follow, max-snippet:-1, max-image-preview:large, max-video-preview:-1\" \/>\n<link rel=\"canonical\" href=\"https:\/\/cflri.ca\/fr\/publication\/changements-operationnels-au-travail-en-raison-de-la-pandemie-de-covid-19\/\" \/>\n<meta property=\"og:locale\" content=\"fr_FR\" \/>\n<meta property=\"og:type\" content=\"article\" \/>\n<meta property=\"og:title\" content=\"Changements op\u00e9rationnels au travail en raison de la pand\u00e9mie de COVID-19 - Institut canadien de la recherche sur la condition physique et le mode de vie\" \/>\n<meta property=\"og:description\" content=\"Le pr\u00e9sent r\u00e9sum\u00e9 graphique est fond\u00e9 sur des donn\u00e9es tir\u00e9es du Sondage des occasions de faire de l\u2019activit\u00e9 physique au travail de 2021-2022, men\u00e9 par l\u2019Institut canadien de la recherche sur la condition physique et le mode de vie, portant sur les changements op\u00e9rationnels dans les milieux de travail en raison de la pand\u00e9mie de COVID-19.\" \/>\n<meta property=\"og:url\" content=\"https:\/\/cflri.ca\/fr\/publication\/changements-operationnels-au-travail-en-raison-de-la-pandemie-de-covid-19\/\" \/>\n<meta property=\"og:site_name\" content=\"Institut canadien de la recherche sur la condition physique et le mode de vie\" \/>\n<meta property=\"article:publisher\" content=\"https:\/\/www.facebook.com\/cflri\/\" \/>\n<meta property=\"article:modified_time\" content=\"2024-06-21T16:19:12+00:00\" \/>\n<meta property=\"og:image\" content=\"https:\/\/cflri.ca\/wp-content\/uploads\/2024\/04\/infograph-vector-dark-blue.png\" \/>\n\t<meta property=\"og:image:width\" content=\"1560\" \/>\n\t<meta property=\"og:image:height\" content=\"500\" \/>\n\t<meta property=\"og:image:type\" content=\"image\/png\" \/>\n<meta name=\"twitter:card\" content=\"summary_large_image\" \/>\n<meta name=\"twitter:site\" content=\"@cflri_icrcp\" \/>\n<meta name=\"twitter:label1\" content=\"Dur\u00e9e de lecture estim\u00e9e\" \/>\n\t<meta name=\"twitter:data1\" content=\"1 minute\" \/>\n<script type=\"application\/ld+json\" class=\"yoast-schema-graph\">{\"@context\":\"https:\\\/\\\/schema.org\",\"@graph\":[{\"@type\":\"WebPage\",\"@id\":\"https:\\\/\\\/cflri.ca\\\/fr\\\/publication\\\/changements-operationnels-au-travail-en-raison-de-la-pandemie-de-covid-19\\\/\",\"url\":\"https:\\\/\\\/cflri.ca\\\/fr\\\/publication\\\/changements-operationnels-au-travail-en-raison-de-la-pandemie-de-covid-19\\\/\",\"name\":\"Changements op\u00e9rationnels au travail en raison de la pand\u00e9mie de COVID-19 - Institut canadien de la recherche sur la condition physique et le mode de vie\",\"isPartOf\":{\"@id\":\"https:\\\/\\\/cflri.ca\\\/fr\\\/#website\"},\"primaryImageOfPage\":{\"@id\":\"https:\\\/\\\/cflri.ca\\\/fr\\\/publication\\\/changements-operationnels-au-travail-en-raison-de-la-pandemie-de-covid-19\\\/#primaryimage\"},\"image\":{\"@id\":\"https:\\\/\\\/cflri.ca\\\/fr\\\/publication\\\/changements-operationnels-au-travail-en-raison-de-la-pandemie-de-covid-19\\\/#primaryimage\"},\"thumbnailUrl\":\"https:\\\/\\\/cflri.ca\\\/wp-content\\\/uploads\\\/2024\\\/04\\\/infograph-vector-dark-blue.png\",\"datePublished\":\"2022-01-25T16:58:37+00:00\",\"dateModified\":\"2024-06-21T16:19:12+00:00\",\"breadcrumb\":{\"@id\":\"https:\\\/\\\/cflri.ca\\\/fr\\\/publication\\\/changements-operationnels-au-travail-en-raison-de-la-pandemie-de-covid-19\\\/#breadcrumb\"},\"inLanguage\":\"fr-FR\",\"potentialAction\":[{\"@type\":\"ReadAction\",\"target\":[\"https:\\\/\\\/cflri.ca\\\/fr\\\/publication\\\/changements-operationnels-au-travail-en-raison-de-la-pandemie-de-covid-19\\\/\"]}]},{\"@type\":\"ImageObject\",\"inLanguage\":\"fr-FR\",\"@id\":\"https:\\\/\\\/cflri.ca\\\/fr\\\/publication\\\/changements-operationnels-au-travail-en-raison-de-la-pandemie-de-covid-19\\\/#primaryimage\",\"url\":\"https:\\\/\\\/cflri.ca\\\/wp-content\\\/uploads\\\/2024\\\/04\\\/infograph-vector-dark-blue.png\",\"contentUrl\":\"https:\\\/\\\/cflri.ca\\\/wp-content\\\/uploads\\\/2024\\\/04\\\/infograph-vector-dark-blue.png\",\"width\":1560,\"height\":500},{\"@type\":\"BreadcrumbList\",\"@id\":\"https:\\\/\\\/cflri.ca\\\/fr\\\/publication\\\/changements-operationnels-au-travail-en-raison-de-la-pandemie-de-covid-19\\\/#breadcrumb\",\"itemListElement\":[{\"@type\":\"ListItem\",\"position\":1,\"name\":\"Home\",\"item\":\"https:\\\/\\\/cflri.ca\\\/fr\\\/\"},{\"@type\":\"ListItem\",\"position\":2,\"name\":\"Changements op\u00e9rationnels au travail en raison de la pand\u00e9mie de COVID-19\"}]},{\"@type\":\"WebSite\",\"@id\":\"https:\\\/\\\/cflri.ca\\\/fr\\\/#website\",\"url\":\"https:\\\/\\\/cflri.ca\\\/fr\\\/\",\"name\":\"CFLRI\",\"description\":\"\",\"publisher\":{\"@id\":\"https:\\\/\\\/cflri.ca\\\/fr\\\/#organization\"},\"potentialAction\":[{\"@type\":\"SearchAction\",\"target\":{\"@type\":\"EntryPoint\",\"urlTemplate\":\"https:\\\/\\\/cflri.ca\\\/fr\\\/?s={search_term_string}\"},\"query-input\":{\"@type\":\"PropertyValueSpecification\",\"valueRequired\":true,\"valueName\":\"search_term_string\"}}],\"inLanguage\":\"fr-FR\"},{\"@type\":\"Organization\",\"@id\":\"https:\\\/\\\/cflri.ca\\\/fr\\\/#organization\",\"name\":\"Canadian Fitness and Lifestyle Research Institute\",\"url\":\"https:\\\/\\\/cflri.ca\\\/fr\\\/\",\"logo\":{\"@type\":\"ImageObject\",\"inLanguage\":\"fr-FR\",\"@id\":\"https:\\\/\\\/cflri.ca\\\/fr\\\/#\\\/schema\\\/logo\\\/image\\\/\",\"url\":\"https:\\\/\\\/cflri.ca\\\/wp-content\\\/uploads\\\/2024\\\/02\\\/CFLRI-color-en-1000px.png\",\"contentUrl\":\"https:\\\/\\\/cflri.ca\\\/wp-content\\\/uploads\\\/2024\\\/02\\\/CFLRI-color-en-1000px.png\",\"width\":1000,\"height\":409,\"caption\":\"Canadian Fitness and Lifestyle Research Institute\"},\"image\":{\"@id\":\"https:\\\/\\\/cflri.ca\\\/fr\\\/#\\\/schema\\\/logo\\\/image\\\/\"},\"sameAs\":[\"https:\\\/\\\/www.facebook.com\\\/cflri\\\/\",\"https:\\\/\\\/x.com\\\/cflri_icrcp\"]}]}<\/script>\n<!-- \/ Yoast SEO plugin. -->","yoast_head_json":{"title":"Changements op\u00e9rationnels au travail en raison de la pand\u00e9mie de COVID-19 - Institut canadien de la recherche sur la condition physique et le mode de vie","robots":{"index":"index","follow":"follow","max-snippet":"max-snippet:-1","max-image-preview":"max-image-preview:large","max-video-preview":"max-video-preview:-1"},"canonical":"https:\/\/cflri.ca\/fr\/publication\/changements-operationnels-au-travail-en-raison-de-la-pandemie-de-covid-19\/","og_locale":"fr_FR","og_type":"article","og_title":"Changements op\u00e9rationnels au travail en raison de la pand\u00e9mie de COVID-19 - Institut canadien de la recherche sur la condition physique et le mode de vie","og_description":"Le pr\u00e9sent r\u00e9sum\u00e9 graphique est fond\u00e9 sur des donn\u00e9es tir\u00e9es du Sondage des occasions de faire de l\u2019activit\u00e9 physique au travail de 2021-2022, men\u00e9 par l\u2019Institut canadien de la recherche sur la condition physique et le mode de vie, portant sur les changements op\u00e9rationnels dans les milieux de travail en raison de la pand\u00e9mie de COVID-19.","og_url":"https:\/\/cflri.ca\/fr\/publication\/changements-operationnels-au-travail-en-raison-de-la-pandemie-de-covid-19\/","og_site_name":"Institut canadien de la recherche sur la condition physique et le mode de vie","article_publisher":"https:\/\/www.facebook.com\/cflri\/","article_modified_time":"2024-06-21T16:19:12+00:00","og_image":[{"width":1560,"height":500,"url":"https:\/\/cflri.ca\/wp-content\/uploads\/2024\/04\/infograph-vector-dark-blue.png","type":"image\/png"}],"twitter_card":"summary_large_image","twitter_site":"@cflri_icrcp","twitter_misc":{"Dur\u00e9e de lecture estim\u00e9e":"1 minute"},"schema":{"@context":"https:\/\/schema.org","@graph":[{"@type":"WebPage","@id":"https:\/\/cflri.ca\/fr\/publication\/changements-operationnels-au-travail-en-raison-de-la-pandemie-de-covid-19\/","url":"https:\/\/cflri.ca\/fr\/publication\/changements-operationnels-au-travail-en-raison-de-la-pandemie-de-covid-19\/","name":"Changements op\u00e9rationnels au travail en raison de la pand\u00e9mie de COVID-19 - Institut canadien de la recherche sur la condition physique et le mode de vie","isPartOf":{"@id":"https:\/\/cflri.ca\/fr\/#website"},"primaryImageOfPage":{"@id":"https:\/\/cflri.ca\/fr\/publication\/changements-operationnels-au-travail-en-raison-de-la-pandemie-de-covid-19\/#primaryimage"},"image":{"@id":"https:\/\/cflri.ca\/fr\/publication\/changements-operationnels-au-travail-en-raison-de-la-pandemie-de-covid-19\/#primaryimage"},"thumbnailUrl":"https:\/\/cflri.ca\/wp-content\/uploads\/2024\/04\/infograph-vector-dark-blue.png","datePublished":"2022-01-25T16:58:37+00:00","dateModified":"2024-06-21T16:19:12+00:00","breadcrumb":{"@id":"https:\/\/cflri.ca\/fr\/publication\/changements-operationnels-au-travail-en-raison-de-la-pandemie-de-covid-19\/#breadcrumb"},"inLanguage":"fr-FR","potentialAction":[{"@type":"ReadAction","target":["https:\/\/cflri.ca\/fr\/publication\/changements-operationnels-au-travail-en-raison-de-la-pandemie-de-covid-19\/"]}]},{"@type":"ImageObject","inLanguage":"fr-FR","@id":"https:\/\/cflri.ca\/fr\/publication\/changements-operationnels-au-travail-en-raison-de-la-pandemie-de-covid-19\/#primaryimage","url":"https:\/\/cflri.ca\/wp-content\/uploads\/2024\/04\/infograph-vector-dark-blue.png","contentUrl":"https:\/\/cflri.ca\/wp-content\/uploads\/2024\/04\/infograph-vector-dark-blue.png","width":1560,"height":500},{"@type":"BreadcrumbList","@id":"https:\/\/cflri.ca\/fr\/publication\/changements-operationnels-au-travail-en-raison-de-la-pandemie-de-covid-19\/#breadcrumb","itemListElement":[{"@type":"ListItem","position":1,"name":"Home","item":"https:\/\/cflri.ca\/fr\/"},{"@type":"ListItem","position":2,"name":"Changements op\u00e9rationnels au travail en raison de la pand\u00e9mie de COVID-19"}]},{"@type":"WebSite","@id":"https:\/\/cflri.ca\/fr\/#website","url":"https:\/\/cflri.ca\/fr\/","name":"CFLRI","description":"","publisher":{"@id":"https:\/\/cflri.ca\/fr\/#organization"},"potentialAction":[{"@type":"SearchAction","target":{"@type":"EntryPoint","urlTemplate":"https:\/\/cflri.ca\/fr\/?s={search_term_string}"},"query-input":{"@type":"PropertyValueSpecification","valueRequired":true,"valueName":"search_term_string"}}],"inLanguage":"fr-FR"},{"@type":"Organization","@id":"https:\/\/cflri.ca\/fr\/#organization","name":"Canadian Fitness and Lifestyle Research Institute","url":"https:\/\/cflri.ca\/fr\/","logo":{"@type":"ImageObject","inLanguage":"fr-FR","@id":"https:\/\/cflri.ca\/fr\/#\/schema\/logo\/image\/","url":"https:\/\/cflri.ca\/wp-content\/uploads\/2024\/02\/CFLRI-color-en-1000px.png","contentUrl":"https:\/\/cflri.ca\/wp-content\/uploads\/2024\/02\/CFLRI-color-en-1000px.png","width":1000,"height":409,"caption":"Canadian Fitness and Lifestyle Research Institute"},"image":{"@id":"https:\/\/cflri.ca\/fr\/#\/schema\/logo\/image\/"},"sameAs":["https:\/\/www.facebook.com\/cflri\/","https:\/\/x.com\/cflri_icrcp"]}]}},"_links":{"self":[{"href":"https:\/\/cflri.ca\/fr\/wp-json\/wp\/v2\/dlp_document\/8014","targetHints":{"allow":["GET"]}}],"collection":[{"href":"https:\/\/cflri.ca\/fr\/wp-json\/wp\/v2\/dlp_document"}],"about":[{"href":"https:\/\/cflri.ca\/fr\/wp-json\/wp\/v2\/types\/dlp_document"}],"author":[{"embeddable":true,"href":"https:\/\/cflri.ca\/fr\/wp-json\/wp\/v2\/users\/1"}],"wp:featuredmedia":[{"embeddable":true,"href":"https:\/\/cflri.ca\/fr\/wp-json\/wp\/v2\/media\/8381"}],"wp:attachment":[{"href":"https:\/\/cflri.ca\/fr\/wp-json\/wp\/v2\/media?parent=8014"}],"wp:term":[{"taxonomy":"publication_settings","embeddable":true,"href":"https:\/\/cflri.ca\/fr\/wp-json\/wp\/v2\/publication_settings?post=8014"},{"taxonomy":"populations","embeddable":true,"href":"https:\/\/cflri.ca\/fr\/wp-json\/wp\/v2\/populations?post=8014"},{"taxonomy":"regions","embeddable":true,"href":"https:\/\/cflri.ca\/fr\/wp-json\/wp\/v2\/regions?post=8014"},{"taxonomy":"key_research_area","embeddable":true,"href":"https:\/\/cflri.ca\/fr\/wp-json\/wp\/v2\/key_research_area?post=8014"},{"taxonomy":"spotlight_area","embeddable":true,"href":"https:\/\/cflri.ca\/fr\/wp-json\/wp\/v2\/spotlight_area?post=8014"},{"taxonomy":"survey","embeddable":true,"href":"https:\/\/cflri.ca\/fr\/wp-json\/wp\/v2\/survey?post=8014"},{"taxonomy":"doc_categories","embeddable":true,"href":"https:\/\/cflri.ca\/fr\/wp-json\/wp\/v2\/doc_categories?post=8014"},{"taxonomy":"doc_tags","embeddable":true,"href":"https:\/\/cflri.ca\/fr\/wp-json\/wp\/v2\/doc_tags?post=8014"},{"taxonomy":"doc_author","embeddable":true,"href":"https:\/\/cflri.ca\/fr\/wp-json\/wp\/v2\/doc_author?post=8014"},{"taxonomy":"file_type","embeddable":true,"href":"https:\/\/cflri.ca\/fr\/wp-json\/wp\/v2\/file_type?post=8014"}],"curies":[{"name":"wp","href":"https:\/\/api.w.org\/{rel}","templated":true}]}}